{"id":2440,"date":"2015-11-09T11:16:17","date_gmt":"2015-11-09T10:16:17","guid":{"rendered":"http:\/\/www.atlanticharpduo.com\/fr\/?page_id=2440"},"modified":"2019-09-23T09:32:48","modified_gmt":"2019-09-23T08:32:48","slug":"storytelling","status":"publish","type":"page","link":"https:\/\/atlanticharpduo.com\/fr\/programmes\/storytelling\/","title":{"rendered":"Fables, mythes et contes de f\u00e9es"},"content":{"rendered":"<div class='one_half'>\n\t\t\t\t\t<blockquote><p>\u00a0\u00bb Les histoires doivent \u00eatre racont\u00e9es sinon elles meurent, et quand elles meurent, nous ne pouvons plus nous rappeler qui nous sommes ou bien pourquoi nous sommes l\u00e0.\u00a0\u00bb\n\u2014Sue Monk Kidd<\/p><\/blockquote>\n<p>Le tout dernier projet de l&rsquo;Atlantic Harp Duo fait revivre une s\u00e9lection d&rsquo;histoires intemporelles de notre h\u00e9ritage culturel: des classiques tel que La Belle au bois dormant et le Petit Poucet, des fables de loups et de moutons, et des mythes de l&rsquo;Antiquit\u00e9. Les harpistes Marta Power et Elizabeth Jaxon offre aux auditeurs une riche combinaison de musique et de contes.<\/p>\n<p>Parmi les oeuvres qui illustrent ses histoires figurent plusieurs pi\u00e8ces que l&rsquo;Atlantic Harp Duo a command\u00e9 sp\u00e9cialement pour le spectacle. Avec des compositeurs d\u2019hier et d\u2019aujourd\u2019hui, le duo a fabriqu\u00e9 un paysage sonore qui transporte les auditeurs au monde fantastique des h\u00e9ros et dieux de l\u2019antiquit\u00e9.<\/p>\n\t\t\t\t<\/div>\n<div class='one_half last'>\n\t\t\t\t\t<img loading=\"lazy\" class=\"alignnone size-full wp-image-1045\" src=\"http:\/\/www.atlanticharpduo.com\/wp-content\/uploads\/2015\/11\/storytelling.png\" alt=\"latin-flair\" width=\"400\" height=\"250\" \/>\n\t\t\t\t<\/div><div class='clear'><\/div>\n<h1>Contes intemporels\u00a0(35 mins)<\/h1>\n<h4>Damien Luce (b. 1978)<\/h4>\n<ul>\n<li>S\u00e9r\u00e9nade sur des Fables de\u00a0Jean de la Fontaine<\/li>\n<\/ul>\n<h4>Maurice Ravel (1875-1937)<\/h4>\n<ul>\n<li>Ma m\u00e8re l&rsquo;Oye (arr. Atlantic Harp Duo)<\/li>\n<\/ul>\n<h1>Ariadne Rediviva (45 mins)<\/h1>\n<h4>Claude Debussy (1862-1918)<\/h4>\n<ul>\n<li>Extraits des \u00c9pigraphes antiques (arr. Elisabeth Colard)<\/li>\n<\/ul>\n<h4>St\u00e9phane Delplace (b. 1953)<\/h4>\n<ul>\n<li>Minotaure*<\/li>\n<\/ul>\n<h4>R. Murray Schafer (b. 1933)<\/h4>\n<ul>\n<li>Labyrinth Dance, tir\u00e9 de\u00a0<em>The Crown of Ariadne<\/em><\/li>\n<\/ul>\n<h4>Roger W. Petersen (b. 1976)<\/h4>\n<ul>\n<li>Naxos and the Journey with Dia*<\/li>\n<\/ul>\n<h4>Franck Villard (b. 1966)<\/h4>\n<ul>\n<li>Extraits d&rsquo;Ariadne Theseo<\/li>\n<\/ul>\n<h4>Damien Luce (b. 1978)<\/h4>\n<ul>\n<li>Bacchus*<\/li>\n<\/ul>\n<h4>Caroline Lizotte (b. 1969)<\/h4>\n<ul>\n<li>Stellae Saltantem*<\/li>\n<\/ul>\n<p>*Commandes de l&rsquo;Atlantic Harp Duo<\/p>\n","protected":false},"excerpt":{"rendered":"<p>Contes intemporels\u00a0(35 mins) Damien Luce (b. 1978) S\u00e9r\u00e9nade sur des Fables de\u00a0Jean de la Fontaine Maurice Ravel (1875-1937) Ma m\u00e8re l&rsquo;Oye (arr. Atlantic Harp Duo) Ariadne Rediviva (45 mins) Claude Debussy (1862-1918) Extraits des \u00c9pigraphes antiques (arr. Elisabeth Colard) St\u00e9phane Delplace (b. 1953) Minotaure* R. Murray Schafer (b. 1933) Labyrinth Dance, tir\u00e9 de\u00a0The Crown of [&hellip;]<\/p>\n","protected":false},"author":2,"featured_media":0,"parent":2351,"menu_order":0,"comment_status":"closed","ping_status":"closed","template":"page-full.php","meta":[],"_links":{"self":[{"href":"https:\/\/atlanticharpduo.com\/fr\/wp-json\/wp\/v2\/pages\/2440"}],"collection":[{"href":"https:\/\/atlanticharpduo.com\/fr\/wp-json\/wp\/v2\/pages"}],"about":[{"href":"https:\/\/atlanticharpduo.com\/fr\/wp-json\/wp\/v2\/types\/page"}],"author":[{"embeddable":true,"href":"https:\/\/atlanticharpduo.com\/fr\/wp-json\/wp\/v2\/users\/2"}],"replies":[{"embeddable":true,"href":"https:\/\/atlanticharpduo.com\/fr\/wp-json\/wp\/v2\/comments?post=2440"}],"version-history":[{"count":8,"href":"https:\/\/atlanticharpduo.com\/fr\/wp-json\/wp\/v2\/pages\/2440\/revisions"}],"predecessor-version":[{"id":2707,"href":"https:\/\/atlanticharpduo.com\/fr\/wp-json\/wp\/v2\/pages\/2440\/revisions\/2707"}],"up":[{"embeddable":true,"href":"https:\/\/atlanticharpduo.com\/fr\/wp-json\/wp\/v2\/pages\/2351"}],"wp:attachment":[{"href":"https:\/\/atlanticharpduo.com\/fr\/wp-json\/wp\/v2\/media?parent=2440"}],"curies":[{"name":"wp","href":"https:\/\/api.w.org\/{rel}","templated":true}]}}