{"id":2353,"date":"2015-11-08T18:06:12","date_gmt":"2015-11-08T17:06:12","guid":{"rendered":"http:\/\/www.atlanticharpduo.com\/fr\/?page_id=2353"},"modified":"2019-09-05T14:58:07","modified_gmt":"2019-09-05T13:58:07","slug":"ariadne-rediviva","status":"publish","type":"page","link":"https:\/\/atlanticharpduo.com\/fr\/programmes\/ariadne-rediviva\/","title":{"rendered":"Ariadne Rediviva"},"content":{"rendered":"<div class=\"alignright\">\n<p><iframe loading=\"lazy\" width=\"613\" height=\"345\" src=\"https:\/\/www.youtube.com\/embed\/twa8Nn_B0JY?feature=oembed\" frameborder=\"0\" allow=\"accelerometer; autoplay; encrypted-media; gyroscope; picture-in-picture\" allowfullscreen><\/iframe><\/p>\n<\/div>\n<p><em>Ariadne Rediviva<\/em>\u2014Ariane Racont\u00e9e\u2014 est un spectacle vivant et riche par ses multiples facettes. Il combine la sonorit\u00e9 de deux harpes avec une narration po\u00e9tique qui raconte la vie mythologique d&rsquo;Ariane.<\/p>\n<p>Cette l\u00e9gende intemporelle de l&rsquo;amour, de l&rsquo;abandon, et de la r\u00e9demption humaine a touch\u00e9 tant d&rsquo;artistes \u00e0 travers notre histoire. L&rsquo;Atlantic Harp Duo a continu\u00e9 cette tradition en commandant quatre oeuvres originales pour le spectacle qui\u00a0compl\u00e8tent un programme de musiques inspir\u00e9es par l&rsquo;histoire d&rsquo;Ariane. Avec des compositeurs d&rsquo;hier et d&rsquo;aujourd&rsquo;hui, le duo a fabriqu\u00e9 un paysage sonore qui transporte les auditeurs au monde fantastique des h\u00e9ros et dieux de l&rsquo;antiquit\u00e9. Leur \u00e9pop\u00e9e sert de fil conducteur qui vous guide \u00e0 travers les r\u00eaves et les d\u00e9sespoirs de notre h\u00e9ro\u00efne, pendant que deux harpes, une\u00a0acoustique et l&rsquo;autre \u00e9lectrique, illustre le conte\u00a0du d\u00e9but \u00e0 la fin.<\/p>\n<h2>L&rsquo;histoire<\/h2>\n<p><img loading=\"lazy\" class=\"size-medium wp-image-1912 alignright\" src=\"http:\/\/www.atlanticharpduo.com\/wp-content\/uploads\/2015\/11\/poem.jpg\" alt=\"Eugenie van der Meulen\" width=\"400\" height=\"250\" \/><\/p>\n<blockquote><p><em>\u00d4 Muses, contez nous l\u2019histoire ancienne<br \/>\nde la belle Ariane, princesse de Cr\u00eate,<br \/>\ndont l\u2019ardent amour pour le grand Th\u00e9s\u00e9e<br \/>\nla mena \u00e0 la trahison et la tromperie.<\/em><\/p><\/blockquote>\n<p>La narration du spectacle se fait par un po\u00e8me magistralement con\u00e7u dans le style ancien d&rsquo;une \u00e9pop\u00e9e par Marta Power Luce. C\u2019est une opportunit\u00e9 rare pour les auditeurs de revivre la richesse des rimes et du rythme de la tradition orale ancienne sans devoir comprendre le Grec ou le Latin. Pour rendre\u00a0ce po\u00e8me plus vivant, les harpistes Marta Power et Elizabeth Jaxon partagent\u00a0la narration de cette\u00a0histoire \u00e0\u00a0leurs harpes dans un flux continu avec la musique.<\/p>\n<h2>Les \u0153uvres que nous avons command\u00e9es<\/h2>\n<p>Pour ce projet, nous avons command\u00e9 quatre \u0153uvres originales pour duo de harpe. Ceci est une partie int\u00e9grale de notre mission g\u00e9n\u00e9rale : cr\u00e9er et inspirer des \u0153uvres de qualit\u00e9 pour \u00e9largir le r\u00e9pertoire pour deux harpes, pour l\u2019instant assez restreint compar\u00e9 \u00e0 celui d\u2019autres formations.<\/p>\n<h3><em>Minotaure<\/em> de St\u00e9phane Delplace<\/h3>\n<div class='one_half last'>\n\t\t\t\t\t<table>\n<tbody>\n<tr>\n<td><div class=\"compact_audio_player_wrapper\"><div class=\"sc_player_container1\"><input type=\"button\" id=\"btnplay_69ef39868484f0.60549170\" class=\"myButton_play\" onClick=\"play_mp3('play','69ef39868484f0.60549170','http:\/\/www.atlanticharpduo.com\/wp-content\/uploads\/2015\/11\/Minotaur_clip.mp3','80','false');show_hide('play','69ef39868484f0.60549170');\" \/><input type=\"button\"  id=\"btnstop_69ef39868484f0.60549170\" style=\"display:none\" class=\"myButton_stop\" onClick=\"play_mp3('stop','69ef39868484f0.60549170','','80','false');show_hide('stop','69ef39868484f0.60549170');\" \/><div id=\"sm2-container\"><!-- flash movie ends up here --><\/div><\/div><\/div><\/td>\n<td>Ecouter un extrait \u2013 Minotaure<\/td>\n<\/tr>\n<\/tbody>\n<\/table>\n\t\t\t\t<\/div><div class='clear'><\/div>\n<p>Le Minotaure, le demi-fr\u00e8re d\u2019Ariane, est une cr\u00e9ature fantastique; mi-taureau, mi-humain, il est confin\u00e9 dans le fameux labyrinthe, o\u00f9 il attend son festin annuel de jeunes ath\u00e9niens vers\u00e9s \u00e0 Cr\u00e8te comme r\u00e9paration de guerre. Nous avons imagin\u00e9 son incessant d\u00e9bat int\u00e9rieur entre ses deux c\u00f4t\u00e9s, b\u00eate et humain, \u00e0 l\u2019image d\u2019une personne souffrant de troubles d\u2019identit\u00e9. <em>Minotaure<\/em> est une \u0153uvre en trois mouvements qui refl\u00e8tent ce caract\u00e8re constamment changeant.<\/p>\n<p>St\u00e9phane Delplace est un compositeur fran\u00e7ais bas\u00e9 \u00e0 Paris. Ses \u0153uvres, qui poussent les limites de la tonalit\u00e9, sont un m\u00e9lange de la rigueur contrapuntique de J.S. Bach et du lyrisme harmonique de Brahms.<\/p>\n<p><img loading=\"lazy\" class=\"alignright\" style=\"padding-bottom: 15px;\" src=\"http:\/\/www.atlanticharpduo.com\/wp-content\/uploads\/2013\/10\/Adyar_delplace.jpg\" alt=\"Stephane Delplace\" width=\"400\" height=\"173\" \/><\/p>\n<blockquote><p>\u00ab Je ne crois pas que la tonalit\u00e9 ait encore livr\u00e9 tout ce qu\u2019elle recelait\u2026 ni \u00e0 vrai dire que cela survienne jamais. \u00bb<\/p><\/blockquote>\n<p>Delplace est aussi professeur de contrepoint et d\u2019harmonie \u00e0 l\u2019\u00c9cole Normale de Musique de Paris et \u00e0 la Sorbonne. Lors de ses \u00e9tudes dans sa classe, Marta a jou\u00e9 son harmonisation magistrale de la partita no. 2 pour violon de J.S. Bach, qu\u2019elle a transcrit pour harpe. Depuis, elle a cherch\u00e9 une belle opportunit\u00e9 pour lui commander une \u0153uvre pour deux harpes.<\/p>\n<p><a href=\"http:\/\/www.stephanedelplace.com\" target=\"_blank\" rel=\"noopener noreferrer\">www.stephanedelplace.com<\/a><\/p>\n<h3><em>Naxos and the Journey with Dia<\/em> de Roger W. Petersen<\/h3>\n<div class='one_half last'>\n\t\t\t\t\t<table>\n<tbody>\n<tr>\n<td><div class=\"compact_audio_player_wrapper\"><div class=\"sc_player_container1\"><input type=\"button\" id=\"btnplay_69ef3986892c91.80568412\" class=\"myButton_play\" onClick=\"play_mp3('play','69ef3986892c91.80568412','http:\/\/www.atlanticharpduo.com\/wp-content\/uploads\/2015\/11\/Naxos_clip.mp3','80','false');show_hide('play','69ef3986892c91.80568412');\" \/><input type=\"button\"  id=\"btnstop_69ef3986892c91.80568412\" style=\"display:none\" class=\"myButton_stop\" onClick=\"play_mp3('stop','69ef3986892c91.80568412','','80','false');show_hide('stop','69ef3986892c91.80568412');\" \/><div id=\"sm2-container\"><!-- flash movie ends up here --><\/div><\/div><\/div><\/td>\n<td>Ecouter un extrait \u2013 Naxos<\/td>\n<\/tr>\n<\/tbody>\n<\/table>\n\t\t\t\t<\/div><div class='clear'><\/div>\n<p>Cette \u0153uvre d\u00e9peint le voyage d\u2019Ariane et Th\u00e9s\u00e9e qui quittent l\u2019\u00eele de Cr\u00e8te apr\u00e8s avoir battu le Minotaure\u2014deux amants retournant \u00e0 Ath\u00e8nes, pays natal de Th\u00e9s\u00e9e. Dans ce morceau, nous entendons des th\u00e8mes d\u2019amour, mais aussi une pr\u00e9monition de l\u2019abondon d\u2019Ariane sur l\u2019\u00eele de Naxos apr\u00e8s une temp\u00eate.<\/p>\n<p><img loading=\"lazy\" class=\"alignleft\" src=\"http:\/\/www.atlanticharpduo.com\/wp-content\/uploads\/2013\/10\/Petersen_Bio.jpg\" alt=\"Roger W. Petersen\" width=\"200\" height=\"245\" \/><\/p>\n<p>Les \u0153uvres de Roger W. Petersen traitent du timbre et de la sonorit\u00e9 de l\u2019instrument.<\/p>\n<blockquote><p>\u00ab G\u00e9n\u00e9ralement, je suis obs\u00e9d\u00e9 par des sons. Ce pourrait \u00eatre un accord parfait ou le timbre d\u2019une harmonique. Ce pourrait \u00eatre n\u2019importe quoi. Il y a certains sons que la harpe cr\u00e9e que j\u2019adore, comme les qualit\u00e9s de r\u00e9sonance de l\u2019instrument, tout particuli\u00e8rement dans les registres graves. Je pourrais l\u2019\u00e9couter sans cesse. La couleur et la r\u00e9sonance des harmoniques sont des sons magnifiques. \u00bb<\/p><\/blockquote>\n<p>Roger W. Petersen (n\u00e9 en 1976) est actuellement professeur assistant de composition et de th\u00e9orie au Del Mar College, dans le Texas. Avant de prendre ce poste en 2013, il a enseign\u00e9 deux ans au Mahidol University \u00e0 Bangkok, Tha\u00eflande, o\u00f9 il a rencontr\u00e9 Elizabeth. En \u00e9coutant ses \u0153uvres, elle \u00e9tait impressionn\u00e9e par sa sensibilit\u00e9 musicale, et elle attendait depuis lors le bon moment pour l\u2019inviter \u00e0 \u00e9crire pour duo de harpes.<\/p>\n<p><a href=\"http:\/\/www.rogerwoolworthpetersen.com\" target=\"_blank\" rel=\"noopener noreferrer\">www.rogerwoolworthpetersen.com<\/a><\/p>\n<h3><em>Bacchus<\/em> de Damien Luce<\/h3>\n<div class='one_half last'>\n\t\t\t\t\t<table>\n<tbody>\n<tr>\n<td><div class=\"compact_audio_player_wrapper\"><div class=\"sc_player_container1\"><input type=\"button\" id=\"btnplay_69ef39868e0db4.76940567\" class=\"myButton_play\" onClick=\"play_mp3('play','69ef39868e0db4.76940567','http:\/\/www.atlanticharpduo.com\/wp-content\/uploads\/2015\/11\/Bacchus_clip.mp3','80','false');show_hide('play','69ef39868e0db4.76940567');\" \/><input type=\"button\"  id=\"btnstop_69ef39868e0db4.76940567\" style=\"display:none\" class=\"myButton_stop\" onClick=\"play_mp3('stop','69ef39868e0db4.76940567','','80','false');show_hide('stop','69ef39868e0db4.76940567');\" \/><div id=\"sm2-container\"><!-- flash movie ends up here --><\/div><\/div><\/div><\/td>\n<td>Ecouter un extrait \u2013 Bacchus<\/td>\n<\/tr>\n<\/tbody>\n<\/table>\n\t\t\t\t<\/div><div class='clear'><\/div>\n<p>Apr\u00e8s son abandon sur l\u2019\u00eele de Naxos, Ariane est perdue, afflig\u00e9e, et compl\u00e8tement d\u00e9sesp\u00e9r\u00e9e. Bacchus, le dieu du vin et de l\u2019extase, la d\u00e9couvre, tombe amoureux, et la prend pour femme malgr\u00e9 son humaine condition. Ce moment joyeux de r\u00e9demption par un dieu si jovial et espi\u00e8gle est parfaitement d\u00e9crit par l\u2019\u0153uvre l\u00e9g\u00e8re et rythmique, <em>Bacchus<\/em>.<\/p>\n<p><img loading=\"lazy\" class=\"size-medium wp-image-1453 alignleft\" style=\"padding-bottom: 15px;\" src=\"http:\/\/www.atlanticharpduo.com\/wp-content\/uploads\/2013\/10\/IMG_7472-200x300.jpg\" alt=\"Damien Luce\" width=\"200\" height=\"300\" srcset=\"https:\/\/atlanticharpduo.com\/wp-content\/uploads\/2013\/10\/IMG_7472-200x300.jpg 200w, https:\/\/atlanticharpduo.com\/wp-content\/uploads\/2013\/10\/IMG_7472.jpg 427w\" sizes=\"(max-width: 200px) 100vw, 200px\" \/><\/p>\n<p>Damien Luce, pianiste, acteur, et auteur fran\u00e7ais, a d\u00e9j\u00e0 \u00e9crit pour l\u2019Atlantic Harp Duo. Sa <em>S\u00e9r\u00e9nade pour deux harpes<\/em> a \u00e9t\u00e9 con\u00e7ue comme musique du spectacle <em>La Fontaine ou les animaux pestif\u00e9r\u00e9s<\/em>, jou\u00e9 dans des th\u00e9\u00e2tres parisiens en 2009.<\/p>\n<blockquote><p>\u00ab Ecrire pour deux harpes cr\u00e9e une opportunit\u00e9 int\u00e9ressante pour l\u2019utilisation de la bitonalit\u00e9 et la polyrythmie, ce qui est impossible \u00e0 faire sur une harpe seule. Les connotations antiques de l\u2019instrument se marieront bien avec un traitement harmonique contemporain pour cr\u00e9er une pi\u00e8ce qui s\u2019int\u00e9grera \u00e0 merveille dans ce programme. \u00bb<\/p><\/blockquote>\n<p><a href=\"http:\/\/www.damienluce.com\" target=\"_blank\" rel=\"noopener noreferrer\">www.damienluce.com<\/a><\/p>\n<h3><em>Stellae Saltantem<\/em> de Caroline Lizotte<\/h3>\n<div class='one_half last'>\n\t\t\t\t\t<table>\n<tbody>\n<tr>\n<td><div class=\"compact_audio_player_wrapper\"><div class=\"sc_player_container1\"><input type=\"button\" id=\"btnplay_69ef3986942215.57278279\" class=\"myButton_play\" onClick=\"play_mp3('play','69ef3986942215.57278279','http:\/\/www.atlanticharpduo.com\/wp-content\/uploads\/2015\/11\/Stellae_clip.mp3','80','false');show_hide('play','69ef3986942215.57278279');\" \/><input type=\"button\"  id=\"btnstop_69ef3986942215.57278279\" style=\"display:none\" class=\"myButton_stop\" onClick=\"play_mp3('stop','69ef3986942215.57278279','','80','false');show_hide('stop','69ef3986942215.57278279');\" \/><div id=\"sm2-container\"><!-- flash movie ends up here --><\/div><\/div><\/div><\/td>\n<td>Ecouter un extrait \u2013 Stellae Saltantum<\/td>\n<\/tr>\n<\/tbody>\n<\/table>\n\t\t\t\t<\/div><div class='clear'><\/div>\n<p>La vie \u00e9ph\u00e9m\u00e8re d\u2019Ariane arrive \u00e0 sa fin tandis que celle de son mari, Bacchus, dieu immortel, se poursuit. Pour c\u00e9l\u00e9brer leur amour, il jette la couronne nuptiale d\u2019Ariane dans le ciel o\u00f9 elle devient une constellation\u2014la Couronne d\u2019Ariane ou <em>Corona Borealis<\/em>. Nous avons confi\u00e9 ce finale d\u2019<em>Ariadne Rediviva<\/em> \u00e0 la harpiste et compositrice canadienne Caroline Lizotte dont nous avons \u00e9norm\u00e9ment admir\u00e9 les travaux depuis notre d\u00e9couverte de son duo <em>Raga<\/em> en 2009. Dans cette pi\u00e8ce, l\u2019usage r\u00e9solument innovant d\u2019instruments \u00e0 percussion par les deux harpistes de m\u00eame que l\u2019\u00e9criture pleine de couleurs pour les harpes nous a fait d\u00e9sirer en d\u00e9couvrir plus !<\/p>\n<blockquote><p><img loading=\"lazy\" class=\"size-medium wp-image-1456 alignright\" src=\"http:\/\/www.atlanticharpduo.com\/wp-content\/uploads\/2013\/10\/caroline_bio-224x300.jpg\" alt=\"Caroline Lizotte\" width=\"298\" height=\"400\" \/><br \/>\n\u00ab Pour ce nouvel opus, je m\u2019inspire de la dualit\u00e9 des mondes sur lesquels la mythologie repose : les mortels et les dieux, le terrestre et le c\u00e9leste. Je me sens fortement interpell\u00e9e \u00e0 peindre l\u2019archa\u00efque et le moderne, la mythologie et l\u2019astronomie telle que les Anciens la percevaient : la Terre plane et le ciel statique. Afin d\u2019en accentuer la description, je ferai usage d\u2019une harpe acoustique de concert et d\u2019une harpe \u00e9lectrique. De sorte que nos deux mondes, soit disant en opposition, seront en relation pour palper ces univers \u00e9th\u00e9r\u00e9s et invraisemblables.<\/p>\n<p>La Couronne Bor\u00e9ale est une petite constellation de l\u2019h\u00e9misph\u00e8re nord, qui a la forme d\u2019un arc de cercle, constitu\u00e9e de sept \u00e9toiles brillantes, parmi lesquelles on observe quelques \u00e9toiles binaires et doubles. Ces paires d\u2019\u00e9toiles connaissent des champs de gravit\u00e9 respectifs entre elles, notant ainsi leurs mouvements circulaires les unes autour des autres. Certaines effectuent leur rotation en 17 jours, tandis que d\u2019autres en 42 ans, tels de jeunes et de vieux couples qui dansent, sans doute Bacchus et Ariane, ou encore Ariane et Th\u00e9s\u00e9e. Stellae Saltantem, du latin signifie \u00ab \u00e9toiles qui dansent \u00bb. Je transpose ici Ariane mortelle, aim\u00e9e des dieux, transport\u00e9e et immortalis\u00e9e dans l\u2019espace. Elle est incarn\u00e9e en musique par deux harpes, dont les sonorit\u00e9s diff\u00e9rentes une fois r\u00e9unies ne touchent ni ciel ni terre. \u00bb<\/p><\/blockquote>\n<p><a href=\"http:\/\/www.calyane.com\" target=\"_blank\" rel=\"noopener noreferrer\">www.calyane.com<\/a><\/p>\n<h2>Les autres \u0153uvres du programme<\/h2>\n<p>En compl\u00e9ment des quatre pi\u00e8ces r\u00e9cemment command\u00e9es, nous jouerons trois \u0153uvres du r\u00e9pertoire existant.<\/p>\n<h3><em>Ariadne Theseo<\/em> de Franck Villard<\/h3>\n<p>Une de nos premi\u00e8res sources d&rsquo;inspiration, le spectacle\u00a0<em>Ariadne Rediviva<\/em>\u00a0rend hommage \u00e0 cette oeuvre magistrale au moment cl\u00e9 de l&rsquo;abandon d&rsquo;Ariane sur l&rsquo;\u00cele de Naxos.\u00a0En 2010, l\u2019Atlantic Harp Duo a \u00e9t\u00e9 invit\u00e9 \u00e0 participer \u00e0 l\u2019Acad\u00e9mie Musicale de Villecroze dans le Sud de la France et y a rencontr\u00e9 le compositeur Franck Villard. En compagnie de la mezzo-soprano Sandrine Sutter, nous avons eu l\u2019immense plaisir de pr\u00e9parer et de jouer une des \u0153uvres du compositeur : <em>Ariadne Theseo<\/em>.\u00a0Le trio se veut construit comme un r\u00e9citatif de style ancien \u00e0 la mani\u00e8re de Monteverdi\u2014une ligne vocale d\u00e9clamatoire marqu\u00e9e de ponctuations harmoniques et m\u00e9lang\u00e9e avec des passages plus lyriques. Bien que la structure soit ancienne, le langage harmonique est des plus modernes, ce qui donne \u00e0 cette \u0153uvre une remarquable dichotomie. Le texte de la partie vocale est tir\u00e9 d\u2019un texte d\u2019Ovide, dont le contenu se trouve maintenant dans la narration du spectacle. M\u00eame en forme d&rsquo;extraits,\u00a0il s\u2019agit l\u00e0 d\u2019une pi\u00e8ce parfaite pour d\u00e9peindre la peine et le d\u00e9sespoir d\u2019Ariane.<\/p>\n<p><a href=\"http:\/\/www.franck-villard.com\" target=\"_blank\" rel=\"noopener noreferrer\">www.franck-villard.com<\/a><\/p>\n<h3><em>\u00c9pigraphes Antiques\u00ad<\/em> de Claude Debussy<\/h3>\n<p>Cette \u0153uvre en plusieurs mouvements courts, originellement pour deux harpes, deux fl\u00fbtes et c\u00e9lesta, a \u00e9t\u00e9 \u00e9crite en 1914 pour accompagner la repr\u00e9sentation th\u00e9\u00e2trale des Chansons de Bilitis par Pierre Lou\u00ffs. Cette collection de po\u00e9sies \u00e9rotiques de la Gr\u00e8ce antique, apparemment d\u00e9couverte et traduite par Lou\u00ffs, n\u2019\u00e9tait rien d\u2019autre qu\u2019une mystification litt\u00e9raire dont la r\u00e9v\u00e9lation ne fit qu\u2019ajouter \u00e0 la notorit\u00e9 de l\u2019\u0153uvre.<\/p>\n<p>Dans\u00a0<em>Ariadne Rediviva<\/em>, des extraits de ces images musicales se retrouvent \u00e0 nouveau dans un r\u00f4le sc\u00e9nographique, en illustrant les \u00e9pisodes interm\u00e9diaires de la vie d&rsquo;Ariane.<\/p>\n<h3><em>Labyrinth Dance<\/em> de R. Murray Schafer<\/h3>\n<div class='one_half last'>\n\t\t\t\t\t<table>\n<tbody>\n<tr>\n<td><div class=\"compact_audio_player_wrapper\"><div class=\"sc_player_container1\"><input type=\"button\" id=\"btnplay_69ef39869a6592.62482634\" class=\"myButton_play\" onClick=\"play_mp3('play','69ef39869a6592.62482634','http:\/\/www.atlanticharpduo.com\/wp-content\/uploads\/2015\/11\/Labyrinth_clip.mp3','80','false');show_hide('play','69ef39869a6592.62482634');\" \/><input type=\"button\"  id=\"btnstop_69ef39869a6592.62482634\" style=\"display:none\" class=\"myButton_stop\" onClick=\"play_mp3('stop','69ef39869a6592.62482634','','80','false');show_hide('stop','69ef39869a6592.62482634');\" \/><div id=\"sm2-container\"><!-- flash movie ends up here --><\/div><\/div><\/div><\/td>\n<td>Ecouter un extrait \u2013 Labyrinth Dance<\/td>\n<\/tr>\n<\/tbody>\n<\/table>\n\t\t\t\t<\/div><div class='clear'><\/div>\n<p>Le dernier mouvement de <em>Crown of Ariadne<\/em> pour harpe seule de R. Murray Schafer, <em>Labyrinth Dance<\/em>, \u00e9tait \u00e0 l\u2019origine pens\u00e9 pour harpe et bande sonore. Nous avons d\u00e9cid\u00e9 ici d\u2019en interpr\u00e9ter les deux voix, la partie de harpe en bande sonore \u00e9tant jou\u00e9e \u00e0 la harpe \u00e9lectrique. Cette pi\u00e8ce, qui use de nombreuses percussions manipul\u00e9es par les harpistes, d\u00e9crit Th\u00e9s\u00e9e cherchant le minotaure dans les passages tortueux du labyrinthe.<\/p>\n","protected":false},"excerpt":{"rendered":"<p>Ariadne Rediviva\u2014Ariane Racont\u00e9e\u2014 est un spectacle vivant et riche par ses multiples facettes. Il combine la sonorit\u00e9 de deux harpes avec une narration po\u00e9tique qui raconte la vie mythologique d&rsquo;Ariane. Cette l\u00e9gende intemporelle de l&rsquo;amour, de l&rsquo;abandon, et de la r\u00e9demption humaine a touch\u00e9 tant d&rsquo;artistes \u00e0 travers notre histoire. L&rsquo;Atlantic Harp Duo a continu\u00e9 [&hellip;]<\/p>\n","protected":false},"author":2,"featured_media":0,"parent":2351,"menu_order":0,"comment_status":"closed","ping_status":"closed","template":"page-full.php","meta":[],"_links":{"self":[{"href":"https:\/\/atlanticharpduo.com\/fr\/wp-json\/wp\/v2\/pages\/2353"}],"collection":[{"href":"https:\/\/atlanticharpduo.com\/fr\/wp-json\/wp\/v2\/pages"}],"about":[{"href":"https:\/\/atlanticharpduo.com\/fr\/wp-json\/wp\/v2\/types\/page"}],"author":[{"embeddable":true,"href":"https:\/\/atlanticharpduo.com\/fr\/wp-json\/wp\/v2\/users\/2"}],"replies":[{"embeddable":true,"href":"https:\/\/atlanticharpduo.com\/fr\/wp-json\/wp\/v2\/comments?post=2353"}],"version-history":[{"count":12,"href":"https:\/\/atlanticharpduo.com\/fr\/wp-json\/wp\/v2\/pages\/2353\/revisions"}],"predecessor-version":[{"id":2680,"href":"https:\/\/atlanticharpduo.com\/fr\/wp-json\/wp\/v2\/pages\/2353\/revisions\/2680"}],"up":[{"embeddable":true,"href":"https:\/\/atlanticharpduo.com\/fr\/wp-json\/wp\/v2\/pages\/2351"}],"wp:attachment":[{"href":"https:\/\/atlanticharpduo.com\/fr\/wp-json\/wp\/v2\/media?parent=2353"}],"curies":[{"name":"wp","href":"https:\/\/api.w.org\/{rel}","templated":true}]}}