{"id":2347,"date":"2015-11-08T17:18:36","date_gmt":"2015-11-08T16:18:36","guid":{"rendered":"http:\/\/www.atlanticharpduo.com\/fr\/?page_id=2347"},"modified":"2020-04-28T12:40:05","modified_gmt":"2020-04-28T11:40:05","slug":"a-journey-with-chopin-sand","status":"publish","type":"page","link":"https:\/\/atlanticharpduo.com\/fr\/discographie\/a-journey-with-chopin-sand\/","title":{"rendered":"A Journey with Chopin &#038; Sand"},"content":{"rendered":"\n\t\t\t<div class='tabs-left et_sliderfx_fade et_sliderauto_false et_sliderauto_speed_5000 et_slidertype_left_tabs clearfix'>\n\t\t\t\t<div class='et_left_tabs_bg'><\/div>\n\t\t\t\t<ul class='et-tabs-control'>\n\t\t\t<li><a href='#'>\n\t\t\tD\u00e9tails\n\t\t<\/a><\/li> \n\t\t<li><a href='#'>\n\t\t\tPresse\n\t\t<\/a><\/li> \n\t\t<li><a href='#'>\n\t\t\tCr\u00e9dits\n\t\t<\/a><\/li>\n\t\t<\/ul> <!-- .et-tabs-control --> \n\t\t<div class='et-tabs-content'>\n\t\t\t<div class='et-tabs-content-wrapper'>\n\t\t\t\t<div class='et_slidecontent'>\n\t\t\t<div class='one_third'>\n\t\t\t\t\t<a title=\"Chopin CD\" href=\"a-journey-with-chopin-sand\"><img loading=\"lazy\" alt=\"Chopin_cover\" src=\"http:\/\/www.atlanticharpduo.com\/wp-content\/uploads\/2011\/05\/Chopin_cover.jpg\" width=\"200\" height=\"200\" \/><\/a><\/p>\n<p><a class=\"btn btn-warning\" style=\"width: 85%; text-align: center; color: #fff !important; padding: 8px 0 !important;\" href=\"https:\/\/shop.camac-harps.com\/fr\/produit\/atlantic-harp-duo-power-luce-marta-jaxon-elizabeth-a-journey-with-chopin-and-sand\/\" target=\"_blank\" rel=\"noopener noreferrer\">Commander<\/a><\/p>\n\t\t\t\t<\/div>\n<div class='two_third last'>\n\t\t\t\t\t<h2>A Journey with Chopin &amp; Sand<\/h2>\n<p>Dans leur premier enregistrement, l\u2019Atlantic Harp Duo illustre les vies entrem\u00eal\u00e9es de Fr\u00e9d\u00e9ric Chopin et son amante, l\u2019auteur fran\u00e7aise Georg Sand, \u00e0 travers la musique de leur \u00e9poque \u00e9crite ou transcrite pour deux harpes.\n\t\t\t\t<\/div><div class='clear'><\/div>\n<table>\n<tbody>\n<tr>\n<td>\n<h4>Piste<\/h4>\n<\/td>\n<td>\n<h4>\u00c9couter<\/h4>\n<\/td>\n<td>\n<h4>Titre<\/h4>\n<\/td>\n<td>\n<h4>Compositeur<\/h4>\n<\/td>\n<td>\n<h4>Minutage<\/h4>\n<\/td>\n<\/tr>\n<tr>\n<td>1.<\/td>\n<td><div class=\"compact_audio_player_wrapper\"><div class=\"sc_player_container1\"><input type=\"button\" id=\"btnplay_69eda336838cd0.17137153\" class=\"myButton_play\" onClick=\"play_mp3('play','69eda336838cd0.17137153','http:\/\/www.atlanticharpduo.com\/wp-content\/uploads\/2015\/01\/01_Chopin_sample.mp3','80','false');show_hide('play','69eda336838cd0.17137153');\" \/><input type=\"button\"  id=\"btnstop_69eda336838cd0.17137153\" style=\"display:none\" class=\"myButton_stop\" onClick=\"play_mp3('stop','69eda336838cd0.17137153','','80','false');show_hide('stop','69eda336838cd0.17137153');\" \/><div id=\"sm2-container\"><!-- flash movie ends up here --><\/div><\/div><\/div><\/td>\n<td>Polonaise en sol# mineur, Op. posth<\/td>\n<td>Fr\u00e9d\u00e9ric Chopin (1810-1849)<\/td>\n<td>4:21<\/td>\n<\/tr>\n<tr>\n<td>2.<\/td>\n<td><div class=\"compact_audio_player_wrapper\"><div class=\"sc_player_container1\"><input type=\"button\" id=\"btnplay_69eda3368845b1.61056316\" class=\"myButton_play\" onClick=\"play_mp3('play','69eda3368845b1.61056316','http:\/\/www.atlanticharpduo.com\/wp-content\/uploads\/2015\/01\/02_Chopin_sample.mp3','80','false');show_hide('play','69eda3368845b1.61056316');\" \/><input type=\"button\"  id=\"btnstop_69eda3368845b1.61056316\" style=\"display:none\" class=\"myButton_stop\" onClick=\"play_mp3('stop','69eda3368845b1.61056316','','80','false');show_hide('stop','69eda3368845b1.61056316');\" \/><div id=\"sm2-container\"><!-- flash movie ends up here --><\/div><\/div><\/div><\/td>\n<td>Troisi\u00e8me Rondoletto<\/td>\n<td>Johann Nepomuk Hummel (1778-1837)<\/td>\n<td>4:07<\/td>\n<\/tr>\n<tr>\n<td>3.<\/td>\n<td><div class=\"compact_audio_player_wrapper\"><div class=\"sc_player_container1\"><input type=\"button\" id=\"btnplay_69eda3368c6a13.44359161\" class=\"myButton_play\" onClick=\"play_mp3('play','69eda3368c6a13.44359161','http:\/\/www.atlanticharpduo.com\/wp-content\/uploads\/2015\/01\/03_Chopin_sample.mp3','80','false');show_hide('play','69eda3368c6a13.44359161');\" \/><input type=\"button\"  id=\"btnstop_69eda3368c6a13.44359161\" style=\"display:none\" class=\"myButton_stop\" onClick=\"play_mp3('stop','69eda3368c6a13.44359161','','80','false');show_hide('stop','69eda3368c6a13.44359161');\" \/><div id=\"sm2-container\"><!-- flash movie ends up here --><\/div><\/div><\/div><\/td>\n<td>Marche-Fantaisie sur des th\u00e8mes de l\u2019op\u00e9ra\u00a0<em>Amadis<\/em>, Op. 297<\/td>\n<td>Karl Oberth\u00fcr (1819-1895)<\/td>\n<td>5:14<\/td>\n<\/tr>\n<tr>\n<td>4.<\/td>\n<td><div class=\"compact_audio_player_wrapper\"><div class=\"sc_player_container1\"><input type=\"button\" id=\"btnplay_69eda3369153f7.82396779\" class=\"myButton_play\" onClick=\"play_mp3('play','69eda3369153f7.82396779','http:\/\/www.atlanticharpduo.com\/wp-content\/uploads\/2015\/01\/04_Chopin_sample.mp3','80','false');show_hide('play','69eda3369153f7.82396779');\" \/><input type=\"button\"  id=\"btnstop_69eda3369153f7.82396779\" style=\"display:none\" class=\"myButton_stop\" onClick=\"play_mp3('stop','69eda3369153f7.82396779','','80','false');show_hide('stop','69eda3369153f7.82396779');\" \/><div id=\"sm2-container\"><!-- flash movie ends up here --><\/div><\/div><\/div><\/td>\n<td>Deuix\u00e8me Duo en si-b\u00e9mol majeur<\/td>\n<td>Fran\u00e7ois Adrien Boieldieu (1775-1834)<\/td>\n<td>9:31<\/td>\n<\/tr>\n<tr>\n<td>5.<\/td>\n<td><div class=\"compact_audio_player_wrapper\"><div class=\"sc_player_container1\"><input type=\"button\" id=\"btnplay_69eda3369638e7.96126125\" class=\"myButton_play\" onClick=\"play_mp3('play','69eda3369638e7.96126125','http:\/\/www.atlanticharpduo.com\/wp-content\/uploads\/2015\/01\/05_Chopin_sample.mp3','80','false');show_hide('play','69eda3369638e7.96126125');\" \/><input type=\"button\"  id=\"btnstop_69eda3369638e7.96126125\" style=\"display:none\" class=\"myButton_stop\" onClick=\"play_mp3('stop','69eda3369638e7.96126125','','80','false');show_hide('stop','69eda3369638e7.96126125');\" \/><div id=\"sm2-container\"><!-- flash movie ends up here --><\/div><\/div><\/div><\/td>\n<td>Pr\u00e9lude \u201cGoutte d&rsquo;eau\u201d No. 15, Op. 28<\/td>\n<td>Fr\u00e9d\u00e9ric Chopin (1810-1849)<\/td>\n<td>4:40<\/td>\n<\/tr>\n<tr>\n<td>6.<\/td>\n<td><div class=\"compact_audio_player_wrapper\"><div class=\"sc_player_container1\"><input type=\"button\" id=\"btnplay_69eda3369b3897.56881034\" class=\"myButton_play\" onClick=\"play_mp3('play','69eda3369b3897.56881034','http:\/\/www.atlanticharpduo.com\/wp-content\/uploads\/2015\/01\/06_Chopin_sample.mp3','80','false');show_hide('play','69eda3369b3897.56881034');\" \/><input type=\"button\"  id=\"btnstop_69eda3369b3897.56881034\" style=\"display:none\" class=\"myButton_stop\" onClick=\"play_mp3('stop','69eda3369b3897.56881034','','80','false');show_hide('stop','69eda3369b3897.56881034');\" \/><div id=\"sm2-container\"><!-- flash movie ends up here --><\/div><\/div><\/div><\/td>\n<td>Pr\u00e9lude en do majeur, du <em>Clavier bien temp\u00e9r\u00e9, 2e cahier<\/em><\/td>\n<td>Johann Sebastien Bach (1685-1750)<\/td>\n<td>2:24<\/td>\n<\/tr>\n<tr>\n<td>7.<\/td>\n<td><div class=\"compact_audio_player_wrapper\"><div class=\"sc_player_container1\"><input type=\"button\" id=\"btnplay_69eda336a03c87.66772335\" class=\"myButton_play\" onClick=\"play_mp3('play','69eda336a03c87.66772335','http:\/\/www.atlanticharpduo.com\/wp-content\/uploads\/2015\/01\/07_Chopin_sample.mp3','80','false');show_hide('play','69eda336a03c87.66772335');\" \/><input type=\"button\"  id=\"btnstop_69eda336a03c87.66772335\" style=\"display:none\" class=\"myButton_stop\" onClick=\"play_mp3('stop','69eda336a03c87.66772335','','80','false');show_hide('stop','69eda336a03c87.66772335');\" \/><div id=\"sm2-container\"><!-- flash movie ends up here --><\/div><\/div><\/div><\/td>\n<td>Fugue en do majeur, du <em>Clavier bien temp\u00e9r\u00e9, 2e cahier<\/em><\/td>\n<td>Johann Sebastien Bach (1685-1750)<\/td>\n<td>2:09<\/td>\n<\/tr>\n<tr>\n<td>8.<\/td>\n<td><div class=\"compact_audio_player_wrapper\"><div class=\"sc_player_container1\"><input type=\"button\" id=\"btnplay_69eda336a7d0a9.16788643\" class=\"myButton_play\" onClick=\"play_mp3('play','69eda336a7d0a9.16788643','http:\/\/www.atlanticharpduo.com\/wp-content\/uploads\/2015\/01\/08_Chopin_sample.mp3','80','false');show_hide('play','69eda336a7d0a9.16788643');\" \/><input type=\"button\"  id=\"btnstop_69eda336a7d0a9.16788643\" style=\"display:none\" class=\"myButton_stop\" onClick=\"play_mp3('stop','69eda336a7d0a9.16788643','','80','false');show_hide('stop','69eda336a7d0a9.16788643');\" \/><div id=\"sm2-container\"><!-- flash movie ends up here --><\/div><\/div><\/div><\/td>\n<td>Souvenir du Nord<\/td>\n<td>John Thomas (1826-1913)<\/td>\n<td>8:34<\/td>\n<\/tr>\n<tr>\n<td>9.<\/td>\n<td><div class=\"compact_audio_player_wrapper\"><div class=\"sc_player_container1\"><input type=\"button\" id=\"btnplay_69eda336acf7d5.30741951\" class=\"myButton_play\" onClick=\"play_mp3('play','69eda336acf7d5.30741951','http:\/\/www.atlanticharpduo.com\/wp-content\/uploads\/2015\/01\/09_Chopin_sample.mp3','80','false');show_hide('play','69eda336acf7d5.30741951');\" \/><input type=\"button\"  id=\"btnstop_69eda336acf7d5.30741951\" style=\"display:none\" class=\"myButton_stop\" onClick=\"play_mp3('stop','69eda336acf7d5.30741951','','80','false');show_hide('stop','69eda336acf7d5.30741951');\" \/><div id=\"sm2-container\"><!-- flash movie ends up here --><\/div><\/div><\/div><\/td>\n<td>Pr\u00e9lude en do-di\u00e8se mineur, Op. 45<\/td>\n<td>Fr\u00e9d\u00e9ric Chopin (1810-1849)<\/td>\n<td>3:42<\/td>\n<\/tr>\n<\/tbody>\n<\/table>\n\t\t<\/div> <\/p>\n\n\t\t<div class='et_slidecontent'>\n\t\t\t<h2>Presse<\/h2>\n<blockquote><p>\u00ab F\u00e9licitations pour un enregistrement v\u00e9ritablement professionnellement pr\u00e9sent\u00e9, musicalement engageant, r\u00e9fl\u00e9chi et agr\u00e9able; la qualit\u00e9 du son et de l\u2019interpr\u00e9tation sont excellents et font de ce CD un plaisir \u00e0 \u00e9couter. \u00bb<\/p><\/blockquote>\n<p>~Ann Yeung (Professeur de Harpe, Universit\u00e9 d\u2019Illinois), mai 2011<\/p>\n<p><a href=\"http:\/\/www.atlanticharpduo.com\/wp-content\/uploads\/2011\/09\/harp-column-review.png\"><img loading=\"lazy\" class=\"alignnone size-large wp-image-1534\" alt=\"harp column review\" src=\"http:\/\/www.atlanticharpduo.com\/wp-content\/uploads\/2011\/09\/harp-column-review-540x1024.png\" width=\"540\" height=\"1024\" srcset=\"https:\/\/atlanticharpduo.com\/wp-content\/uploads\/2011\/09\/harp-column-review-540x1024.png 540w, https:\/\/atlanticharpduo.com\/wp-content\/uploads\/2011\/09\/harp-column-review-158x300.png 158w\" sizes=\"(max-width: 540px) 100vw, 540px\" \/><\/a><\/p>\n<p>~Alison Young,\u00a0<a href=\"http:\/\/www.harpcolumn.com\/\" target=\"_blank\" rel=\"noopener noreferrer\">Harp Column Magazine<\/a>, sept\/oct 2011<\/p>\n\t\t<\/div>\n\n\t\t<div class='et_slidecontent'>\n\t\t\t<div class='one_third'>\n\t\t\t\t\t<h2>Cr\u00e9dits<\/h2>\n<h4>Produit par<\/h4>\n<p>l&rsquo;Atlantic Harp Duo<\/p>\n<h4>Ing\u00e9nieurs du son<\/h4>\n<p>Jeff Zahos<\/p>\n<p>Garrison Frick<\/p>\n<p>Andrew Kumeich<\/p>\n<h4>Montage, Mixage, et Mastering<\/h4>\n<p>Jeff Zahos\n\t\t\t\t<\/div>\n<div class='two_third last'>\n\t\t\t\t\t<div id=\"attachment_1346\" style=\"width: 410px\" class=\"wp-caption alignnone\"><a href=\"http:\/\/www.atlanticharpduo.com\/wp-content\/uploads\/2013\/09\/chopin_credits.jpg\"><img aria-describedby=\"caption-attachment-1346\" loading=\"lazy\" class=\"size-full wp-image-1346\" alt=\"Recording \" src=\"http:\/\/www.atlanticharpduo.com\/wp-content\/uploads\/2013\/09\/chopin_credits.jpg\" width=\"400\" height=\"250\" srcset=\"https:\/\/atlanticharpduo.com\/wp-content\/uploads\/2013\/09\/chopin_credits.jpg 400w, https:\/\/atlanticharpduo.com\/wp-content\/uploads\/2013\/09\/chopin_credits-300x187.jpg 300w\" sizes=\"(max-width: 400px) 100vw, 400px\" \/><\/a><p id=\"caption-attachment-1346\" class=\"wp-caption-text\">Enregistrement de \u00abA Journey with Chopin &#038; Sand\u00bb dans le Foellinger Great Hall du Krannert Center<\/p><\/div>\n\t\t\t\t<\/div><div class='clear'><\/div>\n<h4>Enregistr\u00e9 \u00e0<\/h4>\n<p>Le Foellinger Great Hall du Krannert Center for the Performing Arts \u00e0 Urbana, Illinois, sur des harpes Camac Atlantide Prestige, septembre 2010<\/p>\n<h4>Texte de<\/h4>\n<p>Marta Power Luce<\/p>\n<h4>Illustration de couverture<\/h4>\n<p>(<em>Pont Neuf Monochrome<\/em>, aquarelle sur papier) de Th\u00e9r\u00e8se Garnier &#8211; <a href=\"m&#97;ilt&#111;:te&#46;t&#104;ere&#115;e&#103;&#97;&#114;&#110;ier&#64;&#111;&#114;a&#110;g&#101;&#46;&#102;&#114;\">&#116;e.&#116;&#104;e&#114;e&#115;&#101;gar&#110;&#105;&#101;&#114;&#64;&#111;ra&#110;&#103;&#101;.f&#114;<\/a><\/p>\n<h4>Photographie<\/h4>\n<p>Arman Molavi &#8211;\u00a0<a href=\"http:\/\/www.armanimage.com\" target=\"_blank\" rel=\"noopener noreferrer\">http:\/\/www.armanimage.com<\/a><\/p>\n<p>Elizabeth Jaxon<\/p>\n<h4>Mise en page de la couverture<\/h4>\n<p>Elizabeth Jaxon<\/p>\n<h4>Merci \u00e0<\/h4>\n<p>Helga Storck\u2014pour l\u2019id\u00e9e<\/p>\n<p>Isabelle Perrin, Marie-Claire Jamet, et Damien Luce\u2014pour leurs contributions musicales<\/p>\n<p>Claire Veligdan, Tanya Houghton, and Anna Karpasov\u2014pour leurs contributions litt\u00e9raires et artistiques<\/p>\n<p>Ann Yeung\u2014pour ses conseils utiles<\/p>\n<p>Joe\u2014pour la chaleur<\/p>\n<p>Nos m\u00e8res\u2014pour leur soutien inconditionnel<\/p>\n\t\t<\/div>\n\t\t\t<\/div>\n\t\t<\/div>\n\t\t\t<\/div> <!-- .tabs-left -->\n","protected":false},"excerpt":{"rendered":"","protected":false},"author":2,"featured_media":0,"parent":2266,"menu_order":0,"comment_status":"closed","ping_status":"closed","template":"page-full.php","meta":[],"_links":{"self":[{"href":"https:\/\/atlanticharpduo.com\/fr\/wp-json\/wp\/v2\/pages\/2347"}],"collection":[{"href":"https:\/\/atlanticharpduo.com\/fr\/wp-json\/wp\/v2\/pages"}],"about":[{"href":"https:\/\/atlanticharpduo.com\/fr\/wp-json\/wp\/v2\/types\/page"}],"author":[{"embeddable":true,"href":"https:\/\/atlanticharpduo.com\/fr\/wp-json\/wp\/v2\/users\/2"}],"replies":[{"embeddable":true,"href":"https:\/\/atlanticharpduo.com\/fr\/wp-json\/wp\/v2\/comments?post=2347"}],"version-history":[{"count":5,"href":"https:\/\/atlanticharpduo.com\/fr\/wp-json\/wp\/v2\/pages\/2347\/revisions"}],"predecessor-version":[{"id":2857,"href":"https:\/\/atlanticharpduo.com\/fr\/wp-json\/wp\/v2\/pages\/2347\/revisions\/2857"}],"up":[{"embeddable":true,"href":"https:\/\/atlanticharpduo.com\/fr\/wp-json\/wp\/v2\/pages\/2266"}],"wp:attachment":[{"href":"https:\/\/atlanticharpduo.com\/fr\/wp-json\/wp\/v2\/media?parent=2347"}],"curies":[{"name":"wp","href":"https:\/\/api.w.org\/{rel}","templated":true}]}}