{"id":2345,"date":"2015-11-08T17:06:11","date_gmt":"2015-11-08T16:06:11","guid":{"rendered":"http:\/\/www.atlanticharpduo.com\/fr\/?page_id=2345"},"modified":"2020-04-28T12:41:09","modified_gmt":"2020-04-28T11:41:09","slug":"rhythms-of-spain","status":"publish","type":"page","link":"https:\/\/atlanticharpduo.com\/fr\/discographie\/rhythms-of-spain\/","title":{"rendered":"Rhythms of Spain"},"content":{"rendered":"\n\t\t\t<div class='tabs-left et_sliderfx_fade et_sliderauto_false et_sliderauto_speed_5000 et_slidertype_left_tabs clearfix'>\n\t\t\t\t<div class='et_left_tabs_bg'><\/div>\n\t\t\t\t<ul class='et-tabs-control'>\n\t\t\t<li><a href='#'>\n\t\t\tD\u00e9tails\n\t\t<\/a><\/li> \n\t\t<li><a href='#'>\n\t\t\tCr\u00e9dits\n\t\t<\/a><\/li>\n\t\t<\/ul> <!-- .et-tabs-control --> \n\t\t<div class='et-tabs-content'>\n\t\t\t<div class='et-tabs-content-wrapper'>\n\t\t\t\t<div class='et_slidecontent'>\n\t\t\t<div class='one_third'>\n\t\t\t\t\t<img loading=\"lazy\" class=\"alignnone size-medium wp-image-1355\" alt=\"cover-spanish-cd\" src=\"http:\/\/www.atlanticharpduo.com\/wp-content\/uploads\/2015\/11\/Rhythms-of-Spain-cover.png\" width=\"200\" height=\"200\" \/><\/p>\n<p><a class=\"btn btn-warning\" style=\"width: 85%; text-align: center; color: #fff !important; padding: 8px 0 !important;\" href=\"https:\/\/shop.camac-harps.com\/fr\/produit\/atlantic-harp-duo-power-luce-marta-jaxon-elizabeth-rhythms-of-spain\/\" target=\"_blank\" rel=\"noopener noreferrer\">Commander<\/a><\/p>\n\t\t\t\t<\/div>\n<div class='two_third last'>\n\t\t\t\t\t<h2>Rhythms of Spain<\/h2>\n<p>La musique espagnole a un attrait fondamental. Les rythmes fougueux du Flamenco et les m\u00e9lodies sensuelles Maures \u00e9voquent la passion et la fiert\u00e9 latine.  \u00c0 travers les si\u00e8cles, les compositeurs espagnols se sont inspir\u00e9s de ce style national et ont partag\u00e9 ces rythmes inoubliables avec le monde entier.<\/p>\n<p>Bien que souvent associ\u00e9e avec des th\u00e8mes ang\u00e9liques, la nature \u00e0 la fois percussive et lyrique de la harpe font d\u2019elle l\u2019instrument id\u00e9al pour cette combinaison infernale.  Rhythms of Spain est compos\u00e9 enti\u00e8rement de transcriptions d\u2019\u0153uvres de divers genres \u2013 de la musique symphonique, \u00e0 la musique de chambre, en passant par le solo pour piano.  La combinaison de deux harpes avec des instruments de percussion permet de rendre vivantes les couleurs et textures de ces diff\u00e9rents genres instrumentaux.\n\t\t\t\t<\/div><div class='clear'><\/div>\n<table>\n<tbody>\n<tr>\n<td>\n<h4>Piste<\/h4>\n<\/td>\n<td>\n<h4>\u00c9couter<\/h4>\n<\/td>\n<td>\n<h4>Titre<\/h4>\n<\/td>\n<td>\n<h4>Compositeur<\/h4>\n<\/td>\n<td>\n<h4>Minutage<\/h4>\n<\/td>\n<\/tr>\n<tr>\n<td>1.<\/td>\n<td><div class=\"compact_audio_player_wrapper\"><div class=\"sc_player_container1\"><input type=\"button\" id=\"btnplay_69f73a14887a60.06352942\" class=\"myButton_play\" onClick=\"play_mp3('play','69f73a14887a60.06352942','http:\/\/www.atlanticharpduo.com\/wp-content\/uploads\/2013\/10\/Aragonesa_sample.mp3','80','false');show_hide('play','69f73a14887a60.06352942');\" \/><input type=\"button\"  id=\"btnstop_69f73a14887a60.06352942\" style=\"display:none\" class=\"myButton_stop\" onClick=\"play_mp3('stop','69f73a14887a60.06352942','','80','false');show_hide('stop','69f73a14887a60.06352942');\" \/><div id=\"sm2-container\"><!-- flash movie ends up here --><\/div><\/div><\/div><\/td>\n<td><em>4 Piezas espa\u00f1olas<\/em>: I. Aragonesa<\/td>\n<td>Manuel de Falla\narr. Atlantic Harp Duo<\/td>\n<td>3:16<\/td>\n<\/tr>\n<tr>\n<td>2.<\/td>\n<td><div class=\"compact_audio_player_wrapper\"><div class=\"sc_player_container1\"><input type=\"button\" id=\"btnplay_69f73a148d2aa5.86440621\" class=\"myButton_play\" onClick=\"play_mp3('play','69f73a148d2aa5.86440621','http:\/\/www.atlanticharpduo.com\/wp-content\/uploads\/2013\/10\/Cubana_sample.mp3','80','false');show_hide('play','69f73a148d2aa5.86440621');\" \/><input type=\"button\"  id=\"btnstop_69f73a148d2aa5.86440621\" style=\"display:none\" class=\"myButton_stop\" onClick=\"play_mp3('stop','69f73a148d2aa5.86440621','','80','false');show_hide('stop','69f73a148d2aa5.86440621');\" \/><div id=\"sm2-container\"><!-- flash movie ends up here --><\/div><\/div><\/div><\/td>\n<td><em>4 Piezas espa\u00f1olas<\/em>: II. Cubana<\/td>\n<td>Manuel de Falla\narr. Atlantic Harp Duo<\/td>\n<td>3:41<\/td>\n<\/tr>\n<tr>\n<td>3.<\/td>\n<td><div class=\"compact_audio_player_wrapper\"><div class=\"sc_player_container1\"><input type=\"button\" id=\"btnplay_69f73a14951bb2.67888837\" class=\"myButton_play\" onClick=\"play_mp3('play','69f73a14951bb2.67888837','http:\/\/www.atlanticharpduo.com\/wp-content\/uploads\/2013\/10\/Montanesa_sample.mp3','80','false');show_hide('play','69f73a14951bb2.67888837');\" \/><input type=\"button\"  id=\"btnstop_69f73a14951bb2.67888837\" style=\"display:none\" class=\"myButton_stop\" onClick=\"play_mp3('stop','69f73a14951bb2.67888837','','80','false');show_hide('stop','69f73a14951bb2.67888837');\" \/><div id=\"sm2-container\"><!-- flash movie ends up here --><\/div><\/div><\/div><\/td>\n<td><em>4 Piezas espa\u00f1olas<\/em>: III. Monta\u00f1esa<\/td>\n<td>Manuel de Falla\narr. Atlantic Harp Duo<\/td>\n<td>4:19<\/td>\n<\/tr>\n<tr>\n<td>4.<\/td>\n<td><div class=\"compact_audio_player_wrapper\"><div class=\"sc_player_container1\"><input type=\"button\" id=\"btnplay_69f73a149c27d9.10195395\" class=\"myButton_play\" onClick=\"play_mp3('play','69f73a149c27d9.10195395','http:\/\/www.atlanticharpduo.com\/wp-content\/uploads\/2013\/10\/Andaluza_sample.mp3','80','false');show_hide('play','69f73a149c27d9.10195395');\" \/><input type=\"button\"  id=\"btnstop_69f73a149c27d9.10195395\" style=\"display:none\" class=\"myButton_stop\" onClick=\"play_mp3('stop','69f73a149c27d9.10195395','','80','false');show_hide('stop','69f73a149c27d9.10195395');\" \/><div id=\"sm2-container\"><!-- flash movie ends up here --><\/div><\/div><\/div><\/td>\n<td><em>4 Piezas espa\u00f1olas<\/em>: IV. Andaluza<\/td>\n<td>Manuel de Falla\narr. Atlantic Harp Duo<\/td>\n<td>4:29<\/td>\n<\/tr>\n<tr>\n<td>5.<\/td>\n<td><div class=\"compact_audio_player_wrapper\"><div class=\"sc_player_container1\"><input type=\"button\" id=\"btnplay_69f73a14a051e7.25578457\" class=\"myButton_play\" onClick=\"play_mp3('play','69f73a14a051e7.25578457','http:\/\/www.atlanticharpduo.com\/wp-content\/uploads\/2013\/10\/LaVida_sample.mp3','80','false');show_hide('play','69f73a14a051e7.25578457');\" \/><input type=\"button\"  id=\"btnstop_69f73a14a051e7.25578457\" style=\"display:none\" class=\"myButton_stop\" onClick=\"play_mp3('stop','69f73a14a051e7.25578457','','80','false');show_hide('stop','69f73a14a051e7.25578457');\" \/><div id=\"sm2-container\"><!-- flash movie ends up here --><\/div><\/div><\/div><\/td>\n<td>Danza espa\u00f1ola no. 1, de\u00a0<em>La Vida Breve<\/em><\/td>\n<td>Manuel de Falla\narr. Patricia Masri-Fletcher<\/td>\n<td>3:47<\/td>\n<\/tr>\n<tr>\n<td>6.<\/td>\n<td><div class=\"compact_audio_player_wrapper\"><div class=\"sc_player_container1\"><input type=\"button\" id=\"btnplay_69f73a14a58a82.53886674\" class=\"myButton_play\" onClick=\"play_mp3('play','69f73a14a58a82.53886674','http:\/\/www.atlanticharpduo.com\/wp-content\/uploads\/2013\/10\/Boccherini_sample.mp3','80','false');show_hide('play','69f73a14a58a82.53886674');\" \/><input type=\"button\"  id=\"btnstop_69f73a14a58a82.53886674\" style=\"display:none\" class=\"myButton_stop\" onClick=\"play_mp3('stop','69f73a14a58a82.53886674','','80','false');show_hide('stop','69f73a14a58a82.53886674');\" \/><div id=\"sm2-container\"><!-- flash movie ends up here --><\/div><\/div><\/div><\/td>\n<td>Introduction et Fandango<\/td>\n<td>Luigi Boccherini\narr. Elisabeth Colard\u20142Mc \u00e9ditions<\/td>\n<td>6:32<\/td>\n<\/tr>\n<tr>\n<td>7.<\/td>\n<td><div class=\"compact_audio_player_wrapper\"><div class=\"sc_player_container1\"><input type=\"button\" id=\"btnplay_69f73a14aa74b4.37414555\" class=\"myButton_play\" onClick=\"play_mp3('play','69f73a14aa74b4.37414555','http:\/\/www.atlanticharpduo.com\/wp-content\/uploads\/2013\/10\/Albeniz_sample.mp3','80','false');show_hide('play','69f73a14aa74b4.37414555');\" \/><input type=\"button\"  id=\"btnstop_69f73a14aa74b4.37414555\" style=\"display:none\" class=\"myButton_stop\" onClick=\"play_mp3('stop','69f73a14aa74b4.37414555','','80','false');show_hide('stop','69f73a14aa74b4.37414555');\" \/><div id=\"sm2-container\"><!-- flash movie ends up here --><\/div><\/div><\/div><\/td>\n<td>Granada, de <em>Suite Espa\u00f1ola No. 1, Op. 47<\/em><\/td>\n<td>Isaac Alb\u00e9niz\narr. Ma\u00eft\u00e9 Etcheverry<\/td>\n<td>3:46<\/td>\n<\/tr>\n<tr>\n<td>8.<\/td>\n<td><div class=\"compact_audio_player_wrapper\"><div class=\"sc_player_container1\"><input type=\"button\" id=\"btnplay_69f73a14af7c79.87800450\" class=\"myButton_play\" onClick=\"play_mp3('play','69f73a14af7c79.87800450','http:\/\/www.atlanticharpduo.com\/wp-content\/uploads\/2013\/10\/Malaguena_sample.mp3','80','false');show_hide('play','69f73a14af7c79.87800450');\" \/><input type=\"button\"  id=\"btnstop_69f73a14af7c79.87800450\" style=\"display:none\" class=\"myButton_stop\" onClick=\"play_mp3('stop','69f73a14af7c79.87800450','','80','false');show_hide('stop','69f73a14af7c79.87800450');\" \/><div id=\"sm2-container\"><!-- flash movie ends up here --><\/div><\/div><\/div><\/td>\n<td>Malague\u00f1a, de <em>Suite Andaluc\u00eda<\/em><\/td>\n<td>Ernesto Lecuona\narr. Atlantic Harp Duo<\/td>\n<td>4:18<\/td>\n<\/tr>\n<tr>\n<td>9.<\/td>\n<td><div class=\"compact_audio_player_wrapper\"><div class=\"sc_player_container1\"><input type=\"button\" id=\"btnplay_69f73a14b36940.63637313\" class=\"myButton_play\" onClick=\"play_mp3('play','69f73a14b36940.63637313','http:\/\/www.atlanticharpduo.com\/wp-content\/uploads\/2013\/10\/Goyescas_sample.mp3','80','false');show_hide('play','69f73a14b36940.63637313');\" \/><input type=\"button\"  id=\"btnstop_69f73a14b36940.63637313\" style=\"display:none\" class=\"myButton_stop\" onClick=\"play_mp3('stop','69f73a14b36940.63637313','','80','false');show_hide('stop','69f73a14b36940.63637313');\" \/><div id=\"sm2-container\"><!-- flash movie ends up here --><\/div><\/div><\/div><\/td>\n<td>Intermezzo, de <em>Goyescas<\/em><\/td>\n<td>Enrique Granados\narr. Elisabeth Colard\u20142Mc \u00e9ditions<\/td>\n<td>4:34<\/td>\n<\/tr>\n<tr>\n<td>10.<\/td>\n<td><div class=\"compact_audio_player_wrapper\"><div class=\"sc_player_container1\"><input type=\"button\" id=\"btnplay_69f73a14b89238.69130919\" class=\"myButton_play\" onClick=\"play_mp3('play','69f73a14b89238.69130919','http:\/\/www.atlanticharpduo.com\/wp-content\/uploads\/2013\/10\/Oriental_sample.mp3','80','false');show_hide('play','69f73a14b89238.69130919');\" \/><input type=\"button\"  id=\"btnstop_69f73a14b89238.69130919\" style=\"display:none\" class=\"myButton_stop\" onClick=\"play_mp3('stop','69f73a14b89238.69130919','','80','false');show_hide('stop','69f73a14b89238.69130919');\" \/><div id=\"sm2-container\"><!-- flash movie ends up here --><\/div><\/div><\/div><\/td>\n<td><em>Danzas espa\u00f1olas, Op. 37<\/em>: II. Oriental<\/td>\n<td>Enrique Granados\narr. Elisabeth Colard\u20142Mc \u00e9ditions<\/td>\n<td>4:04<\/td>\n<\/tr>\n<tr>\n<td>11.<\/td>\n<td><div class=\"compact_audio_player_wrapper\"><div class=\"sc_player_container1\"><input type=\"button\" id=\"btnplay_69f73a14bd9db5.55948864\" class=\"myButton_play\" onClick=\"play_mp3('play','69f73a14bd9db5.55948864','http:\/\/www.atlanticharpduo.com\/wp-content\/uploads\/2013\/10\/Granados_sample.mp3','80','false');show_hide('play','69f73a14bd9db5.55948864');\" \/><input type=\"button\"  id=\"btnstop_69f73a14bd9db5.55948864\" style=\"display:none\" class=\"myButton_stop\" onClick=\"play_mp3('stop','69f73a14bd9db5.55948864','','80','false');show_hide('stop','69f73a14bd9db5.55948864');\" \/><div id=\"sm2-container\"><!-- flash movie ends up here --><\/div><\/div><\/div><\/td>\n<td><em>Danzas espa\u00f1olas, Op. 37<\/em>: V. Andaluza<\/td>\n<td>Enrique Granados\narr. Carlos Salzedo<\/td>\n<td>4:01<\/td>\n<\/tr>\n<tr>\n<td>12.<\/td>\n<td><div class=\"compact_audio_player_wrapper\"><div class=\"sc_player_container1\"><input type=\"button\" id=\"btnplay_69f73a14c25ff3.60274416\" class=\"myButton_play\" onClick=\"play_mp3('play','69f73a14c25ff3.60274416','http:\/\/www.atlanticharpduo.com\/wp-content\/uploads\/2013\/10\/Alborada_sample.mp3','80','false');show_hide('play','69f73a14c25ff3.60274416');\" \/><input type=\"button\"  id=\"btnstop_69f73a14c25ff3.60274416\" style=\"display:none\" class=\"myButton_stop\" onClick=\"play_mp3('stop','69f73a14c25ff3.60274416','','80','false');show_hide('stop','69f73a14c25ff3.60274416');\" \/><div id=\"sm2-container\"><!-- flash movie ends up here --><\/div><\/div><\/div><\/td>\n<td>Alborada del gracioso, de <em>Miroirs<\/em><\/td>\n<td>Maurice Ravel\narr. Christophe Sauni\u00e8re<\/td>\n<td>6:47<\/td>\n<\/tr>\n<\/tbody>\n<\/table>\n\t\t<\/div> \n\t\t<div class='et_slidecontent'>\n\t\t\t<h2>Cr\u00e9dits<\/h2>\n<h4>Produit par<\/h4>\n<p>l&rsquo;Atlantic Harp Duo<\/p>\n<h4>Arrangements de<\/h4>\n<p>Atlantic Harp Duo (pistes 1-4, 8)<\/p>\n<p>Patricia Masri-Fletcher\u2014<a href=\"http:\/\/www.petitepig.com\/index.html\" target=\"_blank\" rel=\"noopener noreferrer\">Petite Pig Productions<\/a> (piste 5)<\/p>\n<p>Elisabeth Colard\u2014<a href=\"https:\/\/www.2mceditions.com\/en\/2Mceditions\" target=\"_blank\" rel=\"noopener noreferrer\">2Mc \u00e9ditions<\/a> (pistes 6, 9-10)<\/p>\n<p>Carlos Salzedo (piste 11)<\/p>\n<p>Ma\u00eft\u00e9 Etcheverry (piste 7)<\/p>\n<p>Christophe Sauni\u00e8re (piste 12)<\/p>\n<h4>Ing\u00e9nieurs du son<\/h4>\n<p>Antoine Blanchard<\/p>\n<p>Renan Luce<\/p>\n<h4>Montage<\/h4>\n<p>Damien Luce<\/p>\n<h4>Mixage et Mastering<\/h4>\n<p>Fabien Girard<\/p>\n<h4>Illustration de couverture<\/h4>\n<p>Amanda Krishna\u2014<a href=\"http:\/\/amidarosa.deviantart.com\/\" target=\"_blank\" rel=\"noopener noreferrer\">http:\/\/amidarosa.deviantart.com\/<\/a><\/p>\n<h4>Photographie<\/h4>\n<p>Gert Wijnalda<\/p>\n<h4>Mise en page de la couverture<\/h4>\n<p>Elizabeth Jaxon<\/p>\n<p>Gert Wijnalda<\/p>\n<h4>Enregistr\u00e9 \u00e0<\/h4>\n<p>Little Purple Studio, Keruzaouen, France, sur des harpes Camac Atlantide Prestige<\/p>\n<h4>Merci \u00e0<\/h4>\n<p>Jakez Fran\u00e7ois<\/p>\n<p>Eric Prion<\/p>\n\t\t<\/div>\n\t\t\t<\/div>\n\t\t<\/div>\n\t\t\t<\/div> <!-- .tabs-left -->\n","protected":false},"excerpt":{"rendered":"","protected":false},"author":2,"featured_media":0,"parent":2266,"menu_order":0,"comment_status":"closed","ping_status":"closed","template":"page-full.php","meta":[],"_links":{"self":[{"href":"https:\/\/atlanticharpduo.com\/fr\/wp-json\/wp\/v2\/pages\/2345"}],"collection":[{"href":"https:\/\/atlanticharpduo.com\/fr\/wp-json\/wp\/v2\/pages"}],"about":[{"href":"https:\/\/atlanticharpduo.com\/fr\/wp-json\/wp\/v2\/types\/page"}],"author":[{"embeddable":true,"href":"https:\/\/atlanticharpduo.com\/fr\/wp-json\/wp\/v2\/users\/2"}],"replies":[{"embeddable":true,"href":"https:\/\/atlanticharpduo.com\/fr\/wp-json\/wp\/v2\/comments?post=2345"}],"version-history":[{"count":4,"href":"https:\/\/atlanticharpduo.com\/fr\/wp-json\/wp\/v2\/pages\/2345\/revisions"}],"predecessor-version":[{"id":2858,"href":"https:\/\/atlanticharpduo.com\/fr\/wp-json\/wp\/v2\/pages\/2345\/revisions\/2858"}],"up":[{"embeddable":true,"href":"https:\/\/atlanticharpduo.com\/fr\/wp-json\/wp\/v2\/pages\/2266"}],"wp:attachment":[{"href":"https:\/\/atlanticharpduo.com\/fr\/wp-json\/wp\/v2\/media?parent=2345"}],"curies":[{"name":"wp","href":"https:\/\/api.w.org\/{rel}","templated":true}]}}